{"id":1615,"date":"2018-12-16T20:45:56","date_gmt":"2018-12-16T19:45:56","guid":{"rendered":"http:\/\/wkge-en.de\/wkge\/?page_id=1615"},"modified":"2018-12-16T21:06:24","modified_gmt":"2018-12-16T20:06:24","slug":"wilhelm-kraft","status":"publish","type":"page","link":"https:\/\/wkge-en.de\/wkge\/unsere-schule\/wilhelm-kraft\/","title":{"rendered":"Wilhelm Kraft"},"content":{"rendered":"\t\t<div data-elementor-type=\"wp-post\" data-elementor-id=\"1615\" class=\"elementor elementor-1615 elementor-bc-flex-widget\">\n\t\t\t\t\t\t<section class=\"elementor-section elementor-top-section elementor-element elementor-element-67b6121 elementor-section-boxed elementor-section-height-default elementor-section-height-default\" data-id=\"67b6121\" data-element_type=\"section\" data-e-type=\"section\">\n\t\t\t\t\t\t<div class=\"elementor-container elementor-column-gap-default\">\n\t\t\t\t\t<div class=\"elementor-column elementor-col-100 elementor-top-column elementor-element elementor-element-e2d1be7\" data-id=\"e2d1be7\" data-element_type=\"column\" data-e-type=\"column\">\n\t\t\t<div class=\"elementor-widget-wrap elementor-element-populated\">\n\t\t\t\t\t\t<div class=\"elementor-element elementor-element-6bfb44d elementor-widget elementor-widget-heading\" data-id=\"6bfb44d\" data-element_type=\"widget\" data-e-type=\"widget\" data-widget_type=\"heading.default\">\n\t\t\t\t<div class=\"elementor-widget-container\">\n\t\t\t\t\t<h2 class=\"elementor-heading-title elementor-size-default\">Wilhelm Kraft<\/h2>\t\t\t\t<\/div>\n\t\t\t\t<\/div>\n\t\t\t\t\t<\/div>\n\t\t<\/div>\n\t\t\t\t\t<\/div>\n\t\t<\/section>\n\t\t\t\t<section class=\"elementor-section elementor-top-section elementor-element elementor-element-28fb415 elementor-section-boxed elementor-section-height-default elementor-section-height-default\" data-id=\"28fb415\" data-element_type=\"section\" data-e-type=\"section\">\n\t\t\t\t\t\t<div class=\"elementor-container elementor-column-gap-default\">\n\t\t\t\t\t<div class=\"elementor-column elementor-col-66 elementor-top-column elementor-element elementor-element-e35e9f2\" data-id=\"e35e9f2\" data-element_type=\"column\" data-e-type=\"column\">\n\t\t\t<div class=\"elementor-widget-wrap elementor-element-populated\">\n\t\t\t\t\t\t<div class=\"elementor-element elementor-element-3d8eed7 elementor-widget elementor-widget-text-editor\" data-id=\"3d8eed7\" data-element_type=\"widget\" data-e-type=\"widget\" data-widget_type=\"text-editor.default\">\n\t\t\t\t<div class=\"elementor-widget-container\">\n\t\t\t\t\t\t\t\t\t<p>Nach Wilhelm Kraft, der von 1884 bis 1945 lebte, ist unsere Schule benannt.<\/p><p>Wilhelm Kraft, von Beruf Glasschleifer, war von 1919 bis 1932 B\u00fcrgermeister in Ha\u00dflinghausen, damals eine selbstst\u00e4ndige Gemeinde und heute der Ortsteil von Sprockh\u00f6vel, in dem die Wilhelm-Kraft-Gesamtschule liegt.<\/p><p>Wilhelm Kraft war ein sehr beliebter B\u00fcrgermeister und zeichnete sich durch seine aufrechte und unbeugsame Haltung gegen\u00fcber dem Nationalsozialismus aus.<\/p><p>Eine \u00dcbersicht \u00fcber die wichtigsten Lebensdaten Wilhelm Krafts verzeichnet die in der Schule anl\u00e4sslich der Namensgebung aufgeh\u00e4ngte Gedenktafel.<\/p>\t\t\t\t\t\t\t\t<\/div>\n\t\t\t\t<\/div>\n\t\t\t\t\t<\/div>\n\t\t<\/div>\n\t\t\t\t<div class=\"elementor-column elementor-col-33 elementor-top-column elementor-element elementor-element-5f4cf4f\" data-id=\"5f4cf4f\" data-element_type=\"column\" data-e-type=\"column\">\n\t\t\t<div class=\"elementor-widget-wrap elementor-element-populated\">\n\t\t\t\t\t\t<div class=\"elementor-element elementor-element-622ed5c elementor-widget elementor-widget-image\" data-id=\"622ed5c\" data-element_type=\"widget\" data-e-type=\"widget\" data-widget_type=\"image.default\">\n\t\t\t\t<div class=\"elementor-widget-container\">\n\t\t\t\t\t\t\t\t\t\t\t\t\t\t\t\t<a href=\"http:\/\/wkge-en.de\/wkge\/wp-content\/uploads\/wilhelm-kraft.jpg\" data-elementor-open-lightbox=\"yes\" data-elementor-lightbox-title=\"wilhelm-kraft\" data-e-action-hash=\"#elementor-action%3Aaction%3Dlightbox%26settings%3DeyJpZCI6MTYxNiwidXJsIjoiaHR0cHM6XC9cL3drZ2UtZW4uZGVcL3drZ2VcL3dwLWNvbnRlbnRcL3VwbG9hZHNcL3dpbGhlbG0ta3JhZnQuanBnIn0%3D\">\n\t\t\t\t\t\t\t<img fetchpriority=\"high\" decoding=\"async\" width=\"196\" height=\"300\" src=\"https:\/\/wkge-en.de\/wkge\/wp-content\/uploads\/wilhelm-kraft-196x300.jpg\" class=\"attachment-medium size-medium wp-image-1616\" alt=\"\" srcset=\"https:\/\/wkge-en.de\/wkge\/wp-content\/uploads\/wilhelm-kraft-196x300.jpg 196w, https:\/\/wkge-en.de\/wkge\/wp-content\/uploads\/wilhelm-kraft.jpg 314w\" sizes=\"(max-width: 196px) 100vw, 196px\" \/>\t\t\t\t\t\t\t\t<\/a>\n\t\t\t\t\t\t\t\t\t\t\t\t\t\t\t<\/div>\n\t\t\t\t<\/div>\n\t\t\t\t\t<\/div>\n\t\t<\/div>\n\t\t\t\t\t<\/div>\n\t\t<\/section>\n\t\t\t\t<section class=\"elementor-section elementor-top-section elementor-element elementor-element-f602d0f elementor-section-boxed elementor-section-height-default elementor-section-height-default\" data-id=\"f602d0f\" data-element_type=\"section\" data-e-type=\"section\">\n\t\t\t\t\t\t<div class=\"elementor-container elementor-column-gap-default\">\n\t\t\t\t\t<div class=\"elementor-column elementor-col-100 elementor-top-column elementor-element elementor-element-68d40a7\" data-id=\"68d40a7\" data-element_type=\"column\" data-e-type=\"column\">\n\t\t\t<div class=\"elementor-widget-wrap elementor-element-populated\">\n\t\t\t\t\t\t<div class=\"elementor-element elementor-element-ef6e44a elementor-widget elementor-widget-toggle\" data-id=\"ef6e44a\" data-element_type=\"widget\" data-e-type=\"widget\" data-widget_type=\"toggle.default\">\n\t\t\t\t<div class=\"elementor-widget-container\">\n\t\t\t\t\t\t\t<div class=\"elementor-toggle\">\n\t\t\t\t\t\t\t<div class=\"elementor-toggle-item\">\n\t\t\t\t\t<div id=\"elementor-tab-title-2511\" class=\"elementor-tab-title\" data-tab=\"1\" role=\"button\" aria-controls=\"elementor-tab-content-2511\" aria-expanded=\"false\">\n\t\t\t\t\t\t\t\t\t\t\t\t<span class=\"elementor-toggle-icon elementor-toggle-icon-left\" aria-hidden=\"true\">\n\t\t\t\t\t\t\t\t\t\t\t\t\t\t\t<span class=\"elementor-toggle-icon-closed\"><i class=\"fas fa-caret-right\"><\/i><\/span>\n\t\t\t\t\t\t\t\t<span class=\"elementor-toggle-icon-opened\"><i class=\"elementor-toggle-icon-opened fas fa-caret-up\"><\/i><\/span>\n\t\t\t\t\t\t\t\t\t\t\t\t\t<\/span>\n\t\t\t\t\t\t\t\t\t\t\t\t<a class=\"elementor-toggle-title\" tabindex=\"0\">Lebenslauf<\/a>\n\t\t\t\t\t<\/div>\n\n\t\t\t\t\t<div id=\"elementor-tab-content-2511\" class=\"elementor-tab-content elementor-clearfix\" data-tab=\"1\" role=\"region\" aria-labelledby=\"elementor-tab-title-2511\"><p><strong>Wilhelm Kraft (1884 \u2013 1945)<\/strong><\/p><p><strong>1884<\/strong><\/p><ul>Geboren in Breitenstein (heute Sachsen-Anhalt<\/ul><p><strong>1907<\/strong><\/p><ul>Heirat mit Franziska von Reth<\/ul><p><strong>1908<\/strong><\/p><p>\u00a0\u00a0\u00a0\u00a0\u00a0\u00a0\u00a0\u00a0\u00a0 \u00dcbersiedlung nach Ha\u00dflinghausen<\/p><ul>Arbeitete als Glash\u00fcttenarbeiter<\/ul><p><strong>1920<\/strong><\/p><ul>T\u00e4tigkeit in der Gemeindevertretung Ha\u00dflinghausen aufgenommen<\/ul><p><strong>1919<\/strong><\/p><ul>Gemeindevorsteher (B\u00fcrgermeister) in Ha\u00dflinghausen<\/ul><p><strong>1921<\/strong><\/p><ul>Ehrenamtlicher Beigeordneter des Amtes Ha\u00dflinghausen und Vertreter im Schwelmer Kreistag<\/ul><p><strong>1932<\/strong><\/p><ul>R\u00fccktritt vom Amt des Gemeindevorstehers<\/ul><p><strong>1933<\/strong><\/p><ul>Mit der Macht\u00fcbernehme Hitlers Verlust aller politischen \u00c4mter und Entlassung als Filialleiter eines Konsum-Genossenschaftsbetriebs, den er seit Beginn der 20-er Jahre leitete<\/ul><p><strong>1934<\/strong><\/p><ul>Verhaftung wegen des Verdachst des Hochverrats<\/ul><p><strong>1935<\/strong><\/p><ul>Verurteilung zu einem Jahr und acht Monaten Zuchthaus<\/ul><p><strong>1936<\/strong><\/p><ul>Entlassung aus der Haft. Ablehnung der angetragenen Mitgliedschaft in der NSDAP<\/ul><p><strong>1944<\/strong><\/p><ul>Nach Attentat auf Hitler (am 20. Juli 1944) erneute Verhaftung. Ein Gevelsberger Augenzeuge berichtet von der Inhaftierung im KZ Sachsenhausen.<\/ul><p><strong>1945<\/strong><\/p><ul>Im April 1945 wird das Lager teilweise ger\u00e4umt. In einem so genannten Todesmarsch treibt die SS die entkr\u00e4fteten H\u00e4ftlinge vor sich her. Hunderte von Erkrankten, die nicht mehr weiter konnten, wurden erschossen, darunter Wilhelm Kraft.<\/ul><p><strong>1952<\/strong><\/p><ul>Am 23. Juni 1951 wurde im Sitzungssaal des Ha\u00dflinghauser Amtshauses im Auftrage der Amtsversammlung Ha\u00dflinghausen (zugeh\u00f6rige Gemeinden: Ha\u00dflinghausen, Hiddinghausen, Gennebreck, Linderhausen) ein Foto von Wilhelm Kraft angebracht.<\/ul><p><strong>1960-er Jahre<\/strong><\/p><ul>Benennung einer Stra\u00dfe in einem Neubaugebiet in zentraler Lage in Ha\u00dflinghausen nach Wilhelm Kraft.<\/ul><p><strong>2006<\/strong><\/p><ul>Zum 1. Januar 2006 erh\u00e4lt die Gesamtschule des Ennepe-Ruhr-Kreises den Namen &#8222;Wilhelm-Kraft-Gesamtschule des Ennepe-Ruhr-Kreises.<\/ul><p>\u00a0<\/p><\/div>\n\t\t\t\t<\/div>\n\t\t\t\t\t\t\t<div class=\"elementor-toggle-item\">\n\t\t\t\t\t<div id=\"elementor-tab-title-2512\" class=\"elementor-tab-title\" data-tab=\"2\" role=\"button\" aria-controls=\"elementor-tab-content-2512\" aria-expanded=\"false\">\n\t\t\t\t\t\t\t\t\t\t\t\t<span class=\"elementor-toggle-icon elementor-toggle-icon-left\" aria-hidden=\"true\">\n\t\t\t\t\t\t\t\t\t\t\t\t\t\t\t<span class=\"elementor-toggle-icon-closed\"><i class=\"fas fa-caret-right\"><\/i><\/span>\n\t\t\t\t\t\t\t\t<span class=\"elementor-toggle-icon-opened\"><i class=\"elementor-toggle-icon-opened fas fa-caret-up\"><\/i><\/span>\n\t\t\t\t\t\t\t\t\t\t\t\t\t<\/span>\n\t\t\t\t\t\t\t\t\t\t\t\t<a class=\"elementor-toggle-title\" tabindex=\"0\">Geburt, Kindheit und Jugend<\/a>\n\t\t\t\t\t<\/div>\n\n\t\t\t\t\t<div id=\"elementor-tab-content-2512\" class=\"elementor-tab-content elementor-clearfix\" data-tab=\"2\" role=\"region\" aria-labelledby=\"elementor-tab-title-2512\"><p>Wilhelm Kraft (mit vollem Namen Heinrich Wilhelm Kraft) wurde am 28.10.1884 in Breitenstein, Kreis Sangerhausen, (heute Sachsen-Anhalt) geboren. \u00dcber seine Kindheit und Jugend ist bisher nicht mehr bekannt. (Vielleicht werden aber noch weitere Informationen durch laufende Nachforschungen bekannt werden.) Als 20-J\u00e4hriger trat er der Sozialdemokratischen Partei Deutschlands (SPD) bei.<\/p><\/div>\n\t\t\t\t<\/div>\n\t\t\t\t\t\t\t<div class=\"elementor-toggle-item\">\n\t\t\t\t\t<div id=\"elementor-tab-title-2513\" class=\"elementor-tab-title\" data-tab=\"3\" role=\"button\" aria-controls=\"elementor-tab-content-2513\" aria-expanded=\"false\">\n\t\t\t\t\t\t\t\t\t\t\t\t<span class=\"elementor-toggle-icon elementor-toggle-icon-left\" aria-hidden=\"true\">\n\t\t\t\t\t\t\t\t\t\t\t\t\t\t\t<span class=\"elementor-toggle-icon-closed\"><i class=\"fas fa-caret-right\"><\/i><\/span>\n\t\t\t\t\t\t\t\t<span class=\"elementor-toggle-icon-opened\"><i class=\"elementor-toggle-icon-opened fas fa-caret-up\"><\/i><\/span>\n\t\t\t\t\t\t\t\t\t\t\t\t\t<\/span>\n\t\t\t\t\t\t\t\t\t\t\t\t<a class=\"elementor-toggle-title\" tabindex=\"0\">Leben und Arbeit in Ha\u00dflinghausen<\/a>\n\t\t\t\t\t<\/div>\n\n\t\t\t\t\t<div id=\"elementor-tab-content-2513\" class=\"elementor-tab-content elementor-clearfix\" data-tab=\"3\" role=\"region\" aria-labelledby=\"elementor-tab-title-2513\"><p>1908 \u00fcbersiedelte Wilhelm Kraft nach Ha\u00dflinghausen, das damals noch eine selbstst\u00e4ndige Gemeinde war. (Erst 1970 wurde Ha\u00dflinghausen im Zuge einer Gemeindereform ein Stadtteil von Sprockh\u00f6vel.)<\/p><p>Der erste Sohn Wilhelm wurde 1908 bereits in Ha\u00dflinghausen geboren, wo Wilhelm Kraft als Glash\u00fcttenarbeiter Besch\u00e4ftigung gefunden hatte. Die Familie wohnte zun\u00e4chst in einer der Glash\u00fcttenarbeiterwohnungen an der heutigen Mittelstra\u00dfe, bevor sie ein eigenes Haus in der Oberschwenke bezog. Die Ha\u00dflinghauser Glash\u00fctte geh\u00f6rte mit \u00fcber 100 Mitarbeitern zu den Gro\u00dfbetrieben im Kreis Schwelm und war nach Schlie\u00dfung der Zeche Deutschland 1925 jahrzehntelang der gr\u00f6\u00dfte Betrieb im Amt Ha\u00dflinghausen.<\/p><p class=\"rtecenter\" style=\"text-align: center;\"><a href=\"http:\/\/wkge.info\/wilhelm-kraft\/Wilhelm-Kraft-im-Konsum.jpg\" target=\"_blank\" rel=\"noopener noreferrer\"><img decoding=\"async\" class=\"aligncenter\" title=\"Wilhelm Kraft um 1930 mit Verk\u00e4uferinnen im Konsum Ha\u00dflinghausen \" src=\"http:\/\/wkge-en.de\/wilhelm-kraft\/Wilhelm-Kraft-im-Konsum.jpg\" alt=\"\" \/><\/a><em>Wilhelm Kraft um 1930 mit Verk\u00e4uferinnen im Konsum Ha\u00dflinghausen<\/em><\/p><p>Den Aufzeichnungen der Kraft-Tochter Grete Roland zufolge wurde Wilhelm Kraft als aktiver Gewerkschafter nach einem Streik auf der Glash\u00fctte entlassen. Der Vater von mittlerweile drei Kindern fand &#8211; der Zeitpunkt ist nicht mehr exakt zu ermitteln &#8211; sp\u00e4testens zu Beginn der 20-er Jahre eine Anstellung als Filialleiter der Konsum-Genossenschaft \u201eVorw\u00e4rts&#8220; in Ha\u00dflinghausen. Konsum-Vereine, von Arbeitern gegr\u00fcndete Genossenschaften, erm\u00f6glichen ihren Mitgliedern die preiswerte Beschaffung von Lebensmitteln, da sie keinen Gewinn erwirtschafteten bzw. diesen zum Jahresende wieder an die Mitglieder aussch\u00fctteten. Die Verkaufsstelle Nr. 29 befand sich am Wechtenbruch und beherbergt heute eine Getr\u00e4nkeladen.<\/p><p class=\"rtecenter\" style=\"text-align: center;\"><a href=\"http:\/\/wkge.info\/wilhelm-kraft\/verkaeuferinnen-konsum-mit-wilhelm-kraft.jpg\" target=\"_blank\" rel=\"noopener noreferrer\"><img decoding=\"async\" class=\"aligncenter\" title=\"Verk\u00e4uferinnen 1926 vor dem Konsum Ha\u00dflinghausen (Wilhelm Kraft schaut aus dem Fenster des Konsum)\" src=\"http:\/\/wkge-en.de\/wilhelm-kraft\/verkaeuferinnen-konsum-mit-wilhelm-kraft.jpg\" alt=\"\" \/><\/a><em>Verk\u00e4uferinnen 1926 vor dem Konsum Ha\u00dflinghausen (Wilhelm Kraft schaut aus dem Fenster des Konsum)<\/em><\/p><\/div>\n\t\t\t\t<\/div>\n\t\t\t\t\t\t\t<div class=\"elementor-toggle-item\">\n\t\t\t\t\t<div id=\"elementor-tab-title-2514\" class=\"elementor-tab-title\" data-tab=\"4\" role=\"button\" aria-controls=\"elementor-tab-content-2514\" aria-expanded=\"false\">\n\t\t\t\t\t\t\t\t\t\t\t\t<span class=\"elementor-toggle-icon elementor-toggle-icon-left\" aria-hidden=\"true\">\n\t\t\t\t\t\t\t\t\t\t\t\t\t\t\t<span class=\"elementor-toggle-icon-closed\"><i class=\"fas fa-caret-right\"><\/i><\/span>\n\t\t\t\t\t\t\t\t<span class=\"elementor-toggle-icon-opened\"><i class=\"elementor-toggle-icon-opened fas fa-caret-up\"><\/i><\/span>\n\t\t\t\t\t\t\t\t\t\t\t\t\t<\/span>\n\t\t\t\t\t\t\t\t\t\t\t\t<a class=\"elementor-toggle-title\" tabindex=\"0\"> B\u00fcrgermeister in Ha\u00dflinghausen <\/a>\n\t\t\t\t\t<\/div>\n\n\t\t\t\t\t<div id=\"elementor-tab-content-2514\" class=\"elementor-tab-content elementor-clearfix\" data-tab=\"4\" role=\"region\" aria-labelledby=\"elementor-tab-title-2514\"><p>F\u00fcr einen Zugewanderten au\u00dferordentlich schnell beteiligte sich Wilhelm Kraft aktiv am politischen Leben in seiner Gemeinde:<\/p><ul><li>Seit 1910 war er als Gemeindeverordneter (eine Art Ratsherr) der Gemeinde Ha\u00dflinghausen t\u00e4tig: Der Glasschleifer Wilhelm Kraft wurde nach den Gemeindevertreterwahlen vom 24. November 1909 vom Amtmann des Amtes Ha\u00dflinghausen, von Aster, zum Gemeindeverordneten der Gemeinde Ha\u00dflinghausen erkl\u00e4rt. Er war also eine Art Ratsherr, wie man heute sagen w\u00fcrde. Die Zusammensetzung der Gemeinder\u00e4te war in dieser Zeit nat\u00fcrlich nicht demokratisch, denn es herrschte ein Dreiklassenwahlrecht; nur zwei von sechs Gemeindeverordeten in Ha\u00dflinghausen waren aus Arbeiterkreisen. Erstmals nahm W. Kraft am 2. Juli 1910 als Gemeindeverordneter an einer Gemeinderatssitzung teil.<\/li><li>Ab 1919 war Wilhelm Kraft Gemeindevorsteher, etwa unserem heutigen B\u00fcrgermeisteramt entsprechend; er blieb Gemeindevorsteher bis zu seinem R\u00fccktritt 1932. Ab 1919 hatten aufgrund des nun demokratischen Wahlrechts in Ha\u00dflinghausen die Sozialdemokraten die Mehrheit; die Bev\u00f6lkerung war ganz \u00fcberwiegend proletarisch und w\u00e4hlte entsprechend. Die T\u00e4tigkeit des Gemeindeverordeten war ehrenamtlich; es ist nicht bekannt, ob damals eine Aufwandsentsch\u00e4digung gezahlt wurde.<\/li><li>Ab 1921 geh\u00f6rte Kraft zu den (ehrenamtlichen) Beigeordneten des Amtes Ha\u00dflinghausen und zu den Vertretern der SPD im Schwelmer Kreistag.<\/li><\/ul><p>Am 2. Februar 1932 erkl\u00e4rt Wilhelm Kraft seinen R\u00fccktritt vom Amt des Gemeindevorstehers. Diese Stelle bleibt daraufhin bis 1933 vakant (unbesetzt).<\/p><p class=\"rtecenter\"><a href=\"http:\/\/wkge-en.de\/wilhelm-kraft\/ruecktritt1932-text.jpg\" target=\"_blank\" rel=\"noopener noreferrer\"><img decoding=\"async\" class=\"aligncenter\" src=\"http:\/\/wkge-en.de\/wilhelm-kraft\/ruecktritt1932-text.jpg\" alt=\"\" \/><\/a><\/p><p class=\"rtecenter\" style=\"text-align: center;\"><em>Erkl\u00e4rung des R\u00fccktritts vom Amt des Gemeindevorstehers am 02.02.1932<\/em><\/p><\/div>\n\t\t\t\t<\/div>\n\t\t\t\t\t\t\t<div class=\"elementor-toggle-item\">\n\t\t\t\t\t<div id=\"elementor-tab-title-2515\" class=\"elementor-tab-title\" data-tab=\"5\" role=\"button\" aria-controls=\"elementor-tab-content-2515\" aria-expanded=\"false\">\n\t\t\t\t\t\t\t\t\t\t\t\t<span class=\"elementor-toggle-icon elementor-toggle-icon-left\" aria-hidden=\"true\">\n\t\t\t\t\t\t\t\t\t\t\t\t\t\t\t<span class=\"elementor-toggle-icon-closed\"><i class=\"fas fa-caret-right\"><\/i><\/span>\n\t\t\t\t\t\t\t\t<span class=\"elementor-toggle-icon-opened\"><i class=\"elementor-toggle-icon-opened fas fa-caret-up\"><\/i><\/span>\n\t\t\t\t\t\t\t\t\t\t\t\t\t<\/span>\n\t\t\t\t\t\t\t\t\t\t\t\t<a class=\"elementor-toggle-title\" tabindex=\"0\"> Leben und Verfolgung in der NS-Zeit <\/a>\n\t\t\t\t\t<\/div>\n\n\t\t\t\t\t<div id=\"elementor-tab-content-2515\" class=\"elementor-tab-content elementor-clearfix\" data-tab=\"5\" role=\"region\" aria-labelledby=\"elementor-tab-title-2515\"><p>Nach der Macht\u00fcbernahme Hitlers in Berlin 1933 gelang es auch der hiesigen NSDAP, Ha\u00dflinghausen \u201egleichzuschalten&#8220;: Wilhelm Kraft wurde unverz\u00fcglich beurlaubt und durch NSDAP-Mandatstr\u00e4ger bzw. willf\u00e4hrige B\u00fcrger ersetzt.<\/p><p>F\u00fcr die Familie Kraft brach nun eine schwere Zeit an. Der bekannte Sozialdemokrat mit dem hohen Ansehen in der Bev\u00f6lkerung war der F\u00fchrungsschicht ein Dorn im Auge.<\/p><p>Die Konsumgenossenschaft, mittlerweile als \u201eBergische Lebensmittel GmbH&#8220; entpolitisiert und regimetreu, entlie\u00df ihren Ha\u00dflinghauser Filialleiter. Am 8. Juni 1934 wurde Krafts Sohn Karl, inzwischen selbst Familienvater, verhaftet, am 25. Juni Wilhelm Kraft selbst. Vater und Sohn sa\u00dfen zun\u00e4chst im Gerichtsgef\u00e4ngnis Dortmund ein. Beschuldigt wurden sie, \u201edas hochverr\u00e4terische Unternehmen, die Verfassung des Deutschen Reiches mit Gewalt zu \u00e4ndern, vorbereitet zu haben&#8220; Am 16. M\u00e4rz 1935 begann der Prozess, gef\u00fchrt von der Generalstaatsanwaltschaft Hamm. Gemeinsam mit Wilhelm und Karl Kraft wurden 44 M\u00e4nner und Frauen aus D\u00fcsseldorf, Linderhausen, Gevelsberg und Ha\u00dflinghausen des Hochverrats angeklagt. \u00dcberwiegend als Mitglieder der verbotenen KPD hatten sie Flugbl\u00e4tter gedruckt und verteilt, die sich unter anderem gegen Lohnabbau und f\u00fcr unabh\u00e4ngige Gewerkschaften aussprachen und vor allem zum \u201eMassenkampf gegen den Faschismus&#8220; aufriefen.<\/p><p>Wilhelm Kraft hatte zugegeben, 50 Pfennig f\u00fcr die KPD gespendet und \u201eauch einmal die [KPD-Zeitung] &#8218;Freiheit&#8216; f\u00fcr 10 oder 20 Pfennig gekauft zu haben\u201c. Nach Aussagen seiner Tochter war die Geldspende zur Unterst\u00fctzung f\u00fcr die Familien inhaftierter KPD-Mitglieder vorgesehen. Es reichte aus, Wilhelm Kraft f\u00fcr ein Jahr und 8 Monate hinter Zuchthaus-Gitter zu bringen.<\/p><p>1936 kehrte er nach Ha\u00dflinghausen zur\u00fcck. Ein eigenes Gewerbe anzumelden, wurde ihm untersagt, ebenso die Erlaubnis, den F\u00fchrerschein zu machen. Gemeinsam mit Alma L\u00f6hken, seiner fr\u00fcheren Stellvertreterin aus dem Konsum und unter deren Namen gr\u00fcndete Wilhelm Kraft ein Lebensmittel-Auslieferungsgesch\u00e4ft in den ehemaligen Konsum-R\u00e4umen am Wechtenbruch, sp\u00e4ter an der Gevelsberger Mittelstra\u00dfe. Die Fahrten machte Wilhelm Kraft mit einem motorisierten Dreirad, f\u00fcr das er keinen F\u00fchrerschein ben\u00f6tigte.<\/p><p>Er h\u00e4tte es besser haben k\u00f6nnen: Seine Tochter Grete berichtete, dem Vater sei mehrfach die NSDAP-Mitgliedschaft angetragen worden. Mit einem so beliebten und bekannten \u201e\u00dcberl\u00e4ufer\u201c h\u00e4tten die Nazis an Ansehen und R\u00fcckhalt in der Bev\u00f6lkerung gewonnen und den Prestigegewinn auch entsprechend honoriert. Wilhelm Kraft lehnte dies stets ab; auch das Zuchthaus hatte ihn nicht gebeugt. Ein ehemaliger Hitler-Junge erinnert sich noch 1995 daran, dass Wilhelm Kraft das Vorbeimarschieren des milit\u00e4rischen Nachwuchses mit der gereckten Faust kommentierte, dem alten Gru\u00df der Arbeiterbewegung.<\/p><p>Als dem <a class=\"ext\" href=\"http:\/\/www.dhm.de\/lemo\/html\/wk2\/widerstand\/attentat\/index.html\" target=\"_blank\" rel=\"noopener noreferrer\">Attentat auf Hitler am 20. Juli 1944<\/a> eine Verhaftungswelle im Rahmen der Aktion \u201eGewitter\u201c folgte, wurde der unbotm\u00e4\u00dfige Sozialdemokrat, mittlerweile 60 Jahre alt, erneut verhaftet und mit ihm einige andere ehemalige Kreis- und Gemeindevertreter der SPD und KPD aus dem Ennepe-Ruhr-Kreis. Seiner Familie konnte Kraft nun kein Lebenszeichen mehr zukommen lassen.<\/p><p>Der Gevelsberger Erwin Schweinsberg berichtete sp\u00e4ter von seiner Begegnung mit Wilhelm Kraft im <a class=\"ext\" href=\"http:\/\/www.dhm.de\/lemo\/html\/wk2\/holocaust\/sachsenhausen\/index.html\" target=\"_blank\" rel=\"noopener noreferrer\"> Konzentrationslager (KZ) Sachsenhausen<\/a> bei Berlin. Kraft war also dort inhaftiert. Und schriftliche Quellen belegen, dass er dort im Januar 1945 in der Krankenstation war.<\/p><p>Vor der anr\u00fcckenden Front im Fr\u00fchjahr 1945 wurde das Lager teilweise ger\u00e4umt. Ab dem 20. April trieb die SS die entkr\u00e4fteten H\u00e4ftlinge in einem Todesmarsch vor sich her. \u201eIm Wald von Bele\u201c, so erinnerte sich Schweinsberg, \u201ewurden Hunderte von Kranke, die nicht mehr weiterkonnten, erschossen. Auf diese Weise sind die beiden SPD-Genossen Peter Alfs aus Ennepetal-Milspe und Wilhelm Kraft aus Ha\u00dflinghausen ums Leben gekommen.\u201c<\/p><p>Da Wilhelm Krafts Ermordung nur durch den Zeitzeugen aus Gevelsberg belegt ist, wurde er wie viele andere auch, \u00fcber die es keine schriftlichen Aufzeichnungen gibt, nachtr\u00e4glich zum Tag des Kriegsendes, dem 8. Mai 1945, f\u00fcr tot erkl\u00e4rt.<\/p><\/div>\n\t\t\t\t<\/div>\n\t\t\t\t\t\t\t<div class=\"elementor-toggle-item\">\n\t\t\t\t\t<div id=\"elementor-tab-title-2516\" class=\"elementor-tab-title\" data-tab=\"6\" role=\"button\" aria-controls=\"elementor-tab-content-2516\" aria-expanded=\"false\">\n\t\t\t\t\t\t\t\t\t\t\t\t<span class=\"elementor-toggle-icon elementor-toggle-icon-left\" aria-hidden=\"true\">\n\t\t\t\t\t\t\t\t\t\t\t\t\t\t\t<span class=\"elementor-toggle-icon-closed\"><i class=\"fas fa-caret-right\"><\/i><\/span>\n\t\t\t\t\t\t\t\t<span class=\"elementor-toggle-icon-opened\"><i class=\"elementor-toggle-icon-opened fas fa-caret-up\"><\/i><\/span>\n\t\t\t\t\t\t\t\t\t\t\t\t\t<\/span>\n\t\t\t\t\t\t\t\t\t\t\t\t<a class=\"elementor-toggle-title\" tabindex=\"0\"> Wilhelm Krafts Kinder <\/a>\n\t\t\t\t\t<\/div>\n\n\t\t\t\t\t<div id=\"elementor-tab-content-2516\" class=\"elementor-tab-content elementor-clearfix\" data-tab=\"6\" role=\"region\" aria-labelledby=\"elementor-tab-title-2516\"><p>Seine Kinder haben nach dem Krieg Wilhelm Krafts Wirken fortgesetzt: Karl Kraft war Gemeindeb\u00fcrgermeister in Ha\u00dflinghausen von 1959-1969, Grete Roland langj\u00e4hriges Mitglied in Gemeinderat und Amtsvertretung Ha\u00dflinghausen sowie im Rat der Stadt Sprockh\u00f6vel.<\/p><\/div>\n\t\t\t\t<\/div>\n\t\t\t\t\t\t\t\t<\/div>\n\t\t\t\t\t\t<\/div>\n\t\t\t\t<\/div>\n\t\t\t\t\t<\/div>\n\t\t<\/div>\n\t\t\t\t\t<\/div>\n\t\t<\/section>\n\t\t\t\t<section class=\"elementor-section elementor-top-section elementor-element elementor-element-d065fe7 elementor-section-boxed elementor-section-height-default elementor-section-height-default\" data-id=\"d065fe7\" data-element_type=\"section\" data-e-type=\"section\">\n\t\t\t\t\t\t<div class=\"elementor-container elementor-column-gap-default\">\n\t\t\t\t\t<div class=\"elementor-column elementor-col-100 elementor-top-column elementor-element elementor-element-e0e8631\" data-id=\"e0e8631\" data-element_type=\"column\" data-e-type=\"column\">\n\t\t\t<div class=\"elementor-widget-wrap\">\n\t\t\t\t\t\t\t<\/div>\n\t\t<\/div>\n\t\t\t\t\t<\/div>\n\t\t<\/section>\n\t\t\t\t<section class=\"elementor-section elementor-top-section elementor-element elementor-element-250b679 elementor-section-boxed elementor-section-height-default elementor-section-height-default\" data-id=\"250b679\" data-element_type=\"section\" data-e-type=\"section\">\n\t\t\t\t\t\t<div class=\"elementor-container elementor-column-gap-default\">\n\t\t\t\t\t<div class=\"elementor-column elementor-col-100 elementor-top-column elementor-element elementor-element-71dfc08\" data-id=\"71dfc08\" data-element_type=\"column\" data-e-type=\"column\">\n\t\t\t<div class=\"elementor-widget-wrap\">\n\t\t\t\t\t\t\t<\/div>\n\t\t<\/div>\n\t\t\t\t\t<\/div>\n\t\t<\/section>\n\t\t\t\t<section class=\"elementor-section elementor-top-section elementor-element elementor-element-1e0c241 elementor-section-boxed elementor-section-height-default elementor-section-height-default\" data-id=\"1e0c241\" data-element_type=\"section\" data-e-type=\"section\">\n\t\t\t\t\t\t<div class=\"elementor-container elementor-column-gap-default\">\n\t\t\t\t\t<div class=\"elementor-column elementor-col-100 elementor-top-column elementor-element elementor-element-7162328\" data-id=\"7162328\" data-element_type=\"column\" data-e-type=\"column\">\n\t\t\t<div class=\"elementor-widget-wrap\">\n\t\t\t\t\t\t\t<\/div>\n\t\t<\/div>\n\t\t\t\t\t<\/div>\n\t\t<\/section>\n\t\t\t\t<\/div>\n\t\t","protected":false},"excerpt":{"rendered":"<p>Wilhelm Kraft Nach Wilhelm Kraft, der von 1884 bis 1945 lebte, ist unsere Schule benannt. Wilhelm Kraft, von Beruf Glasschleifer, war von 1919 bis 1932 B\u00fcrgermeister in Ha\u00dflinghausen, damals eine selbstst\u00e4ndige Gemeinde und heute der Ortsteil von Sprockh\u00f6vel, in dem die Wilhelm-Kraft-Gesamtschule liegt. Wilhelm Kraft war ein sehr beliebter B\u00fcrgermeister und zeichnete sich durch seine aufrechte und unbeugsame Haltung gegen\u00fcber dem Nationalsozialismus aus. Eine \u00dcbersicht \u00fcber die wichtigsten Lebensdaten Wilhelm Krafts verzeichnet die in der Schule anl\u00e4sslich der Namensgebung aufgeh\u00e4ngte Gedenktafel. Lebenslauf Wilhelm Kraft (1884 \u2013 1945) 1884 Geboren in Breitenstein (heute Sachsen-Anhalt 1907 Heirat mit Franziska von Reth 1908 \u00dcbersiedlung nach Ha\u00dflinghausen Arbeitete als Glash\u00fcttenarbeiter 1920 T\u00e4tigkeit in der Gemeindevertretung Ha\u00dflinghausen aufgenommen 1919 Gemeindevorsteher (B\u00fcrgermeister) in Ha\u00dflinghausen 1921 Ehrenamtlicher Beigeordneter des Amtes Ha\u00dflinghausen und Vertreter im Schwelmer Kreistag 1932 R\u00fccktritt vom Amt des Gemeindevorstehers 1933 Mit der Macht\u00fcbernehme Hitlers Verlust aller politischen \u00c4mter und Entlassung als Filialleiter eines Konsum-Genossenschaftsbetriebs,<\/p>\n","protected":false},"author":2,"featured_media":0,"parent":17,"menu_order":0,"comment_status":"closed","ping_status":"closed","template":"","meta":{"footnotes":""},"class_list":["post-1615","page","type-page","status-publish","hentry","","tg-column-two"],"_links":{"self":[{"href":"https:\/\/wkge-en.de\/wkge\/wp-json\/wp\/v2\/pages\/1615","targetHints":{"allow":["GET"]}}],"collection":[{"href":"https:\/\/wkge-en.de\/wkge\/wp-json\/wp\/v2\/pages"}],"about":[{"href":"https:\/\/wkge-en.de\/wkge\/wp-json\/wp\/v2\/types\/page"}],"author":[{"embeddable":true,"href":"https:\/\/wkge-en.de\/wkge\/wp-json\/wp\/v2\/users\/2"}],"replies":[{"embeddable":true,"href":"https:\/\/wkge-en.de\/wkge\/wp-json\/wp\/v2\/comments?post=1615"}],"version-history":[{"count":4,"href":"https:\/\/wkge-en.de\/wkge\/wp-json\/wp\/v2\/pages\/1615\/revisions"}],"predecessor-version":[{"id":1644,"href":"https:\/\/wkge-en.de\/wkge\/wp-json\/wp\/v2\/pages\/1615\/revisions\/1644"}],"up":[{"embeddable":true,"href":"https:\/\/wkge-en.de\/wkge\/wp-json\/wp\/v2\/pages\/17"}],"wp:attachment":[{"href":"https:\/\/wkge-en.de\/wkge\/wp-json\/wp\/v2\/media?parent=1615"}],"curies":[{"name":"wp","href":"https:\/\/api.w.org\/{rel}","templated":true}]}}