{"id":1645,"date":"2018-12-16T21:08:25","date_gmt":"2018-12-16T20:08:25","guid":{"rendered":"http:\/\/wkge-en.de\/wkge\/?page_id=1645"},"modified":"2026-04-23T15:56:09","modified_gmt":"2026-04-23T13:56:09","slug":"foererverein","status":"publish","type":"page","link":"https:\/\/wkge-en.de\/wkge\/foererverein\/","title":{"rendered":"F\u00f6rderverein"},"content":{"rendered":"\t\t<div data-elementor-type=\"wp-post\" data-elementor-id=\"1645\" class=\"elementor elementor-1645\">\n\t\t\t\t\t\t<section class=\"elementor-section elementor-top-section elementor-element elementor-element-7bf04d8 elementor-section-boxed elementor-section-height-default elementor-section-height-default\" data-id=\"7bf04d8\" data-element_type=\"section\" data-e-type=\"section\">\n\t\t\t\t\t\t<div class=\"elementor-container elementor-column-gap-default\">\n\t\t\t\t\t<div class=\"elementor-column elementor-col-100 elementor-top-column elementor-element elementor-element-44203b4\" data-id=\"44203b4\" data-element_type=\"column\" data-e-type=\"column\">\n\t\t\t<div class=\"elementor-widget-wrap elementor-element-populated\">\n\t\t\t\t\t\t<div class=\"elementor-element elementor-element-815f698 elementor-widget elementor-widget-heading\" data-id=\"815f698\" data-element_type=\"widget\" data-e-type=\"widget\" data-widget_type=\"heading.default\">\n\t\t\t\t<div class=\"elementor-widget-container\">\n\t\t\t\t\t<h2 class=\"elementor-heading-title elementor-size-default\">F\u00f6rderverein der Wilhelm-Kraft-Gesamtschule<\/h2>\t\t\t\t<\/div>\n\t\t\t\t<\/div>\n\t\t\t\t\t<\/div>\n\t\t<\/div>\n\t\t\t\t\t<\/div>\n\t\t<\/section>\n\t\t\t\t<section class=\"elementor-section elementor-top-section elementor-element elementor-element-57849bf elementor-section-boxed elementor-section-height-default elementor-section-height-default\" data-id=\"57849bf\" data-element_type=\"section\" data-e-type=\"section\">\n\t\t\t\t\t\t<div class=\"elementor-container elementor-column-gap-default\">\n\t\t\t\t\t<div class=\"elementor-column elementor-col-100 elementor-top-column elementor-element elementor-element-414d790\" data-id=\"414d790\" data-element_type=\"column\" data-e-type=\"column\">\n\t\t\t<div class=\"elementor-widget-wrap elementor-element-populated\">\n\t\t\t\t\t\t<div class=\"elementor-element elementor-element-a2f157f elementor-widget elementor-widget-text-editor\" data-id=\"a2f157f\" data-element_type=\"widget\" data-e-type=\"widget\" data-widget_type=\"text-editor.default\">\n\t\t\t\t<div class=\"elementor-widget-container\">\n\t\t\t\t\t\t\t\t\t<h4>Zweck und Ziele des F\u00f6rdervereins<\/h4><p>Der Verein der Freunde und F\u00f6rderer der Gesamtschule des Ennepe-Ruhr-Kreises Sprockh\u00f6vel-Ha\u00dflinghausen e. V. wurde bereits 1986 gegr\u00fcndet, ein Jahr bevor diese Schule die ersten F\u00fcnftkl\u00e4ssler empfing. Ziel war und ist die ideelle und materielle Unterst\u00fctzung der Schule und ihrer Sch\u00fclerinnen und Sch\u00fcler.<\/p><p>Der Verein f\u00f6rdert Projekte, die nicht oder nicht vollst\u00e4ndig \u00fcber den \u00f6ffentlichen Etat der Schule finanziert werden k\u00f6nnen. So wurden beispielsweise ein Theaterkeller eingerichtet, die finanziellen Mittel f\u00fcr die Photovoltaik- und Windkraftanlage zur Verf\u00fcgung gestellt und das Spielger\u00e4t auf dem A-Schulhof angeschafft.<\/p><p>Daneben fallen regelm\u00e4\u00dfig viele kleine Ausgaben an, etwa wenn Spiele f\u00fcr den Ganztag, Preise f\u00fcr Kultur- und Sportveranstaltungen oder Zusch\u00fcsse zu Schulveranstaltungen aller Art ben\u00f6tigt werden.<\/p><p>Schlie\u00dflich ist die Unterst\u00fctzung sozial bed\u00fcrftiger Sch\u00fclerinnen und Sch\u00fcler, etwa bei Klassenfahrten, eine Selbstverst\u00e4ndlichkeit.<\/p><p>Die hierf\u00fcr erforderlichen finanziellen Mittel erzielt der Verein durch Mitgliedsbeitr\u00e4ge und Spenden, aber auch durch die Organisation und Durchf\u00fchrung von Veranstaltungen, wie beispielsweise beim allseits beliebten t\u00e4glichen Sch\u00fclerfr\u00fchst\u00fcck, beim Kennenlernnachmittag der neuen F\u00fcnfer ebenso wie am Tag ihrer Einschulung, am Tag der offenen T\u00fcr &#8230;<\/p><p>Die pers\u00f6nliche Mitarbeit der Mitglieder des Vereins ist hierbei nat\u00fcrlich gleicherma\u00dfen unverzichtbar.<\/p><p>Werden Sie Mitglied. Mit einem Mindestbeitrag von 11,00 \u20ac; pro Jahr sind Sie dabei.<\/p><p><a href=\"https:\/\/wkge-en.de\/wkge\/wp-content\/uploads\/Foerderverein-Beitrittsformular-Stand-04.09.24.pdf\"><strong>Beitrittserkl\u00e4rung<\/strong><\/a><\/p>\t\t\t\t\t\t\t\t<\/div>\n\t\t\t\t<\/div>\n\t\t\t\t\t<\/div>\n\t\t<\/div>\n\t\t\t\t\t<\/div>\n\t\t<\/section>\n\t\t\t\t<section class=\"elementor-section elementor-top-section elementor-element elementor-element-8c2ece6 elementor-section-boxed elementor-section-height-default elementor-section-height-default\" data-id=\"8c2ece6\" data-element_type=\"section\" data-e-type=\"section\">\n\t\t\t\t\t\t<div class=\"elementor-container elementor-column-gap-default\">\n\t\t\t\t\t<div class=\"elementor-column elementor-col-100 elementor-top-column elementor-element elementor-element-5c07071\" data-id=\"5c07071\" data-element_type=\"column\" data-e-type=\"column\">\n\t\t\t<div class=\"elementor-widget-wrap elementor-element-populated\">\n\t\t\t\t\t\t<div class=\"elementor-element elementor-element-bbbecc8 elementor-widget elementor-widget-toggle\" data-id=\"bbbecc8\" data-element_type=\"widget\" data-e-type=\"widget\" data-widget_type=\"toggle.default\">\n\t\t\t\t<div class=\"elementor-widget-container\">\n\t\t\t\t\t\t\t<div class=\"elementor-toggle\">\n\t\t\t\t\t\t\t<div class=\"elementor-toggle-item\">\n\t\t\t\t\t<div id=\"elementor-tab-title-1961\" class=\"elementor-tab-title\" data-tab=\"1\" role=\"button\" aria-controls=\"elementor-tab-content-1961\" aria-expanded=\"false\">\n\t\t\t\t\t\t\t\t\t\t\t\t<span class=\"elementor-toggle-icon elementor-toggle-icon-left\" aria-hidden=\"true\">\n\t\t\t\t\t\t\t\t\t\t\t\t\t\t\t<span class=\"elementor-toggle-icon-closed\"><i class=\"fas fa-caret-right\"><\/i><\/span>\n\t\t\t\t\t\t\t\t<span class=\"elementor-toggle-icon-opened\"><i class=\"elementor-toggle-icon-opened fas fa-caret-up\"><\/i><\/span>\n\t\t\t\t\t\t\t\t\t\t\t\t\t<\/span>\n\t\t\t\t\t\t\t\t\t\t\t\t<a class=\"elementor-toggle-title\" tabindex=\"0\">Vorstand<\/a>\n\t\t\t\t\t<\/div>\n\n\t\t\t\t\t<div id=\"elementor-tab-content-1961\" class=\"elementor-tab-content elementor-clearfix\" data-tab=\"1\" role=\"region\" aria-labelledby=\"elementor-tab-title-1961\"><p>Vorsitzende: Frau Adolphs<\/p><p>Stellv. Vorsitzende: Frau Zeitz-Hoyer, Herr Morawitz<\/p><p>Schriftf\u00fchrerin: Frau Krah-von Reth<\/p><p>Kassiererin: Frau Mexner<\/p><p>Beisitzer\/innen: Frau Nolzen-Behrend,\u00a0 Frau Walter<\/p><p>\u00a0<\/p><\/div>\n\t\t\t\t<\/div>\n\t\t\t\t\t\t\t<div class=\"elementor-toggle-item\">\n\t\t\t\t\t<div id=\"elementor-tab-title-1962\" class=\"elementor-tab-title\" data-tab=\"2\" role=\"button\" aria-controls=\"elementor-tab-content-1962\" aria-expanded=\"false\">\n\t\t\t\t\t\t\t\t\t\t\t\t<span class=\"elementor-toggle-icon elementor-toggle-icon-left\" aria-hidden=\"true\">\n\t\t\t\t\t\t\t\t\t\t\t\t\t\t\t<span class=\"elementor-toggle-icon-closed\"><i class=\"fas fa-caret-right\"><\/i><\/span>\n\t\t\t\t\t\t\t\t<span class=\"elementor-toggle-icon-opened\"><i class=\"elementor-toggle-icon-opened fas fa-caret-up\"><\/i><\/span>\n\t\t\t\t\t\t\t\t\t\t\t\t\t<\/span>\n\t\t\t\t\t\t\t\t\t\t\t\t<a class=\"elementor-toggle-title\" tabindex=\"0\">Kontakt<\/a>\n\t\t\t\t\t<\/div>\n\n\t\t\t\t\t<div id=\"elementor-tab-content-1962\" class=\"elementor-tab-content elementor-clearfix\" data-tab=\"2\" role=\"region\" aria-labelledby=\"elementor-tab-title-1962\"><p><a class=\"mailto\" href=\"mailto:foerderverein@wilhelm-kraft-gesamtschule.de\">foerderverein @ wilhelm-kraft-gesamtschule.de<\/a><\/p><\/div>\n\t\t\t\t<\/div>\n\t\t\t\t\t\t\t<div class=\"elementor-toggle-item\">\n\t\t\t\t\t<div id=\"elementor-tab-title-1963\" class=\"elementor-tab-title\" data-tab=\"3\" role=\"button\" aria-controls=\"elementor-tab-content-1963\" aria-expanded=\"false\">\n\t\t\t\t\t\t\t\t\t\t\t\t<span class=\"elementor-toggle-icon elementor-toggle-icon-left\" aria-hidden=\"true\">\n\t\t\t\t\t\t\t\t\t\t\t\t\t\t\t<span class=\"elementor-toggle-icon-closed\"><i class=\"fas fa-caret-right\"><\/i><\/span>\n\t\t\t\t\t\t\t\t<span class=\"elementor-toggle-icon-opened\"><i class=\"elementor-toggle-icon-opened fas fa-caret-up\"><\/i><\/span>\n\t\t\t\t\t\t\t\t\t\t\t\t\t<\/span>\n\t\t\t\t\t\t\t\t\t\t\t\t<a class=\"elementor-toggle-title\" tabindex=\"0\">Satzung<\/a>\n\t\t\t\t\t<\/div>\n\n\t\t\t\t\t<div id=\"elementor-tab-content-1963\" class=\"elementor-tab-content elementor-clearfix\" data-tab=\"3\" role=\"region\" aria-labelledby=\"elementor-tab-title-1963\"><p class=\"rtecenter\" style=\"text-align: center;\"><strong>S A T Z U N G<br \/>des Vereins der Freunde und F\u00f6rderer der Wilhelm-Kraft-Gesamtschule e. V.<\/strong><\/p><p class=\"rtecenter\">\u00a7 1<br \/>Name und Sitz<\/p><p>Der Verein f\u00fchrt den Namen Freunde und F\u00f6rderer der Wilhelm-Kraft-Gesamtschule e. V. und hat seinen Sitz in 45549 Sprockh\u00f6vel-Ha\u00dflinghausen.<\/p><p>Das Gesch\u00e4ftsjahr ist das Kalenderjahr.\u00a0<\/p><p class=\"rtecenter\">\u00a7 2<br \/>Zweck des Vereins<\/p><p>Der Zweck des Vereins ist die F\u00f6rderung der Gesamtschule und ihrer Sch\u00fclerinnen und Sch\u00fcler in ideeller und materieller Hinsicht.<\/p><p>Der Satzungszweck wird verwirklicht insbesondere durch Aufbringen von Leistungen zur Beschaffung von Lehr-, Lern- und Arbeitsmittel zur geistigen, k\u00f6rperlichen und sozialen Bildung und Ausbildung der Sch\u00fclerinnen und Sch\u00fcler, durch Unterst\u00fctzung sozialbed\u00fcrftiger Sch\u00fclerinnen und Sch\u00fcler.<\/p><p>Hierzu geh\u00f6rt auch die F\u00f6rderung einer vertrauensvollen Zusammenarbeit mit den kulturellen, politischen, wirtschaftlichen und sozialen Kr\u00e4ften der Bev\u00f6lkerung im Einzugsgebiet der Gesamtschule.<\/p><p>Der Verein verfolgt ausschlie\u00dflich und unmittelbar gemeinn\u00fctzige Zwecke im Sinne des Abschnitts \u201esteuerbeg\u00fcnstigte Zwecke\u201c der Abgabenordnung.<\/p><p>Der Verein ist in das Vereinsregister eingetragen.<\/p><p>\u00a7 3<br \/>Gemeinn\u00fctzigkeit<\/p><p>Der Verein ist selbstlos t\u00e4tig; er verfolgt nicht in erster Linie eigenwirtschaftliche Zwecke.<\/p><p class=\"rtecenter\">\u00a7 4<br \/>\u00a0Mittel des Vereins<\/p><ol><li>Die Mittel zur Erf\u00fcllung seiner Aufgaben erh\u00e4lt der Verein<br \/>a)\u00a0 durch Mitgliederbeitr\u00e4ge<br \/>b)\u00a0 durch Spenden<br \/>c)\u00a0 durch sonstige Zuwendungen von \u00f6ffentlicher und privater Seite<\/li><li>Sie d\u00fcrfen nur f\u00fcr satzungsgem\u00e4\u00dfe Zwecke verwendet werden. Die Mitglieder erhalten keine Zuwendungen aus Mitteln des Vereins. Es darf keine Person durch Ausgaben, die dem Zwecke der K\u00f6rperschaft fremd sind oder durch unverh\u00e4ltnism\u00e4\u00dfig hohe Verg\u00fctungen beg\u00fcnstigt werden.<\/li><\/ol><p class=\"rtecenter\">\u00a7 5<br \/>Mitgliedschaft<\/p><ol><li>Die Mitgliedschaft kann von allen nat\u00fcrlichen und juristischen Personen erworben werden, die bereit sind, die satzungsgem\u00e4\u00dfen Ziele des Vereins zu f\u00f6rdern.<\/li><li>Der Beitritt ist schriftlich zu erkl\u00e4ren. \u00dcber die Annahme entscheidet der Vorstand.<\/li><li>Die Mitgliedschaft erlischt<br \/>a) mit dem Tode des Mitglieds<br \/>b) durch schriftliche Austrittserkl\u00e4rung gegen\u00fcber dem Vorstand mit Wirkung zum jeweiligen Schul-Jahresende<br \/>c) mit dem Ausschlu\u00df des Mitglieds durch Beschlu\u00df des Vorstandes.<br \/>Ein Ausschlu\u00df ist zul\u00e4ssig, wenn das Mitglied den Interessen des Vereins vors\u00e4tzlich oder beharrlich zuwiderhandelt. \u00dcber einen Widerspruch des Mitglieds gegen einen Ausschlu\u00df entscheidet die Mitgliederversammlung.<br \/>d) Alle nichtzahlenden Mitglieder werden nach dem zweiten Zahlungsvers\u00e4umnis schriftlich benachrichtigt und gebeten, innerhalb von vier Wochen eine R\u00fcckmeldung zu geben. Erfolgt diese R\u00fcckmeldung nicht, erlischt die Mitgliedschaft.<\/li><\/ol><p class=\"rtecenter\">\u00a7 6<br \/>Mitgliedsbeitr\u00e4ge<\/p><p>Jedes Mitglied leistet einen Jahresbeitrag von 11,00 EURO. Der Jahresbeitrag gilt f\u00fcr das jeweilige Kalenderjahr. Dar\u00fcber hinausgehende Betr\u00e4ge werden als Spenden behandelt und auf Wunsch entsprechend bescheinigt.<\/p><p class=\"rtecenter\">\u00a7 7<br \/>Vereinsorgane<\/p><p>Organe des Vereins sind:<\/p><ol><li>die Mitgliederversammlung<\/li><li>der Vorstand<\/li><\/ol><p class=\"rtecenter\">\u00a7 8<br \/>Die Mitgliederversammlung<\/p><ol><li>In jedem Schuljahr muss mindestens eine Mitgliederversammlung stattfinden, und zwar m\u00f6glichst zwischen den Herbst- und den Weihnachtsferien. Die Einberufung erfolgt jeweils im Anschluss an die Herbstferien im Lande Nordrhein-Westfalen durch Aushang in s\u00e4mtlichen Geb\u00e4uden der Schule und Ver\u00f6ffentlichung auf der Homepage der Schule und des Vereins jeweils unter Bekanntgabe der Tagesordnung mit einer Frist von mindestens zwei Wochen.<br \/>Weitere Mitgliederversammlungen sind einzuberufen, wenn mindestens 10 % der Mitglieder schriftlich unter Angabe des Zwecks und der Gr\u00fcnde eine Einberufung verlangen. In diesem Fall erfolgt die Einberufung durch schriftliche Einladung unter Bekanntgabe der Tagesordnung mit einer Frist von mindestens zwei Wochen.<\/li><li>Jede ordnungsgem\u00e4\u00df einberufene Mitgliederversammlung ist grunds\u00e4tzlich ohne R\u00fccksicht auf die Zahl der erschienenen Vereinsmitglieder beschlu\u00dff\u00e4hig, sofern die Satzung dar\u00fcber an anderer Stelle nichts Anderes bestimmt. \u00dcber die Mitgliederversammlung ist ein Protokoll zu f\u00fchren, das von einem Vorstandsmitglied und dem Schriftf\u00fchrer zu unterzeichnen ist.<\/li><li>Die Mitgliederversammlung beschlie\u00dft grunds\u00e4tzlich mit einfacher Mehrheit der abgegebenen Stimmen. Die Aufl\u00f6sung des Vereins und eine \u00c4nderung seiner Satzung k\u00f6nnen nur mit Dreiviertelmehrheit der abgegebenen Stimmen beschlossen werden.<\/li><li>Der Mitgliederversammlung obliegen die im Gesetz vorgesehenen Aufgaben, insbesondere<br \/>a)\u00a0 Wahl des Vorstands<br \/>b)\u00a0 Wahl von 2 Kassenpr\u00fcfern<br \/>c)\u00a0 Entgegennahme der Jahresberichte des Vorstands<br \/>d)\u00a0 Entgegennahme der Kassenpr\u00fcfungsberichte<br \/>e)\u00a0 Entlastung des Vorstands<br \/>f)\u00a0\u00a0 Festsetzung der Beitragsh\u00f6he<br \/>g)\u00a0 \u00c4nderung der Satzung<br \/>h)\u00a0 Aufl\u00f6sung des Vereins<\/li><\/ol><p class=\"rtecenter\">\u00a7 9<br \/>Der Vorstand<\/p><ol><li>Der Vorstand besteht aus dem Vorsitzenden, zwei Stellvertretern, einem Schriftf\u00fchrer, einem Kassierer und zwei Beisitzern.<br \/>Den Mitgliedern des Vorstandes wird folgende Einzelvertretungsvollmacht erteilt:<br \/>Der Verein wird gerichtlich und au\u00dfergerichtlich durch zwei Mitglieder des Vorstands, darunter des Vorsitzenden oder einer der Stellvertreter des Vorsitzenden vertreten.<\/li><li>Die Mitglieder des Vorstands werden f\u00fcr ein Schuljahr gew\u00e4hlt und versehen ihre \u00c4mter unentgeltlich.<\/li><li>Der Vorstand f\u00fchrt ehrenamtlich die laufenden Gesch\u00e4fte des Vereins. Er beschlie\u00dft mit einfacher Mehrheit und ist beschlu\u00dff\u00e4hig, wenn mehr als die H\u00e4lfte seiner Mitglieder anwesend sind.<\/li><li>Wiederwahl ist zul\u00e4ssig.<\/li><\/ol><p class=\"rtecenter\">\u00a7 10<br \/>Kassenpr\u00fcfung<\/p><ol><li>Auf einer Mitgliederversammlung sind zwei Kassenpr\u00fcfer f\u00fcr die Zeit eines Schuljahres zu w\u00e4hlen.<\/li><li>Kassenpr\u00fcfungen sind einmal j\u00e4hrlich durchzuf\u00fchren.<\/li><li>Die Wiederwahl jeweils eines Kassenpr\u00fcfers ist zul\u00e4ssig.<\/li><\/ol><p class=\"rtecenter\">\u00a7 11<br \/>Aufl\u00f6sung des Vereins<\/p><p>Bei Aufl\u00f6sung des Vereins oder bei Wegfall seines bisherigen Zwecks f\u00e4llt das nach seiner Liquidation verbleibende Vereinsverm\u00f6gen an den Schultr\u00e4ger mit der Auflage, es ausschlie\u00dflich f\u00fcr der Gesamtschule des Ennepe-Ruhr-Kreises in Sprockh\u00f6vel-Ha\u00dflinghausen dienende Zwecke zu verwenden.<\/p><\/div>\n\t\t\t\t<\/div>\n\t\t\t\t\t\t\t<div class=\"elementor-toggle-item\">\n\t\t\t\t\t<div id=\"elementor-tab-title-1964\" class=\"elementor-tab-title\" data-tab=\"4\" role=\"button\" aria-controls=\"elementor-tab-content-1964\" aria-expanded=\"false\">\n\t\t\t\t\t\t\t\t\t\t\t\t<span class=\"elementor-toggle-icon elementor-toggle-icon-left\" aria-hidden=\"true\">\n\t\t\t\t\t\t\t\t\t\t\t\t\t\t\t<span class=\"elementor-toggle-icon-closed\"><i class=\"fas fa-caret-right\"><\/i><\/span>\n\t\t\t\t\t\t\t\t<span class=\"elementor-toggle-icon-opened\"><i class=\"elementor-toggle-icon-opened fas fa-caret-up\"><\/i><\/span>\n\t\t\t\t\t\t\t\t\t\t\t\t\t<\/span>\n\t\t\t\t\t\t\t\t\t\t\t\t<a class=\"elementor-toggle-title\" tabindex=\"0\">Was ist bisher gef\u00f6rdert worden?<\/a>\n\t\t\t\t\t<\/div>\n\n\t\t\t\t\t<div id=\"elementor-tab-content-1964\" class=\"elementor-tab-content elementor-clearfix\" data-tab=\"4\" role=\"region\" aria-labelledby=\"elementor-tab-title-1964\"><p><strong>Eine Auswahl&#8230;<\/strong><\/p><ul><li>Die Kletterwand in der Kreissporthalle, offiziell eingeweiht am 25.08.2007<\/li><li>Das Kletterger\u00fcst auf dem A-Schulhof (Schuljahr 2006\/2007)<\/li><li>Fahnenprojekt vom 1. bis 4. Mai 2008 (Schuljahr 2007\/2008)<\/li><li>Die Solaranlage auf dem E-Geb\u00e4ude, eingeweiht am 26. Januar 2008 (Schuljahr 2007\/2008)<\/li><li>Schocken mit Niveau &#8211; ein Lesewettbewerb in der Chorklasse 6d\u00a0(Schuljahr 2009\/2010)<\/li><\/ul><p><strong>Weitere Beispiele<\/strong><\/p><p>Der F\u00f6rderverein hat dar\u00fcber hinaus zahlreiche Aktivit\u00e4ten in verschiedenen Bereichen unterst\u00fctzt, oft schon mehrfach. Die folgende Liste ist unvollst\u00e4ndig:<\/p><ul><li>Be-Smart<\/li><li>Suchtpr\u00e4vention<\/li><li>Theaterp\u00e4dagogisches Gender-Projekt<\/li><li>Umweltschutz-Wettbewerb<\/li><li>Theater gegen Mobbing<\/li><li>Sporttrikots<\/li><li>&#8230;<\/li><\/ul><\/div>\n\t\t\t\t<\/div>\n\t\t\t\t\t\t\t\t<\/div>\n\t\t\t\t\t\t<\/div>\n\t\t\t\t<\/div>\n\t\t\t\t\t<\/div>\n\t\t<\/div>\n\t\t\t\t\t<\/div>\n\t\t<\/section>\n\t\t\t\t<\/div>\n\t\t","protected":false},"excerpt":{"rendered":"<p>F\u00f6rderverein der Wilhelm-Kraft-Gesamtschule Zweck und Ziele des F\u00f6rdervereins Der Verein der Freunde und F\u00f6rderer der Gesamtschule des Ennepe-Ruhr-Kreises Sprockh\u00f6vel-Ha\u00dflinghausen e. V. wurde bereits 1986 gegr\u00fcndet, ein Jahr bevor diese Schule die ersten F\u00fcnftkl\u00e4ssler empfing. Ziel war und ist die ideelle und materielle Unterst\u00fctzung der Schule und ihrer Sch\u00fclerinnen und Sch\u00fcler. Der Verein f\u00f6rdert Projekte, die nicht oder nicht vollst\u00e4ndig \u00fcber den \u00f6ffentlichen Etat der Schule finanziert werden k\u00f6nnen. So wurden beispielsweise ein Theaterkeller eingerichtet, die finanziellen Mittel f\u00fcr die Photovoltaik- und Windkraftanlage zur Verf\u00fcgung gestellt und das Spielger\u00e4t auf dem A-Schulhof angeschafft. Daneben fallen regelm\u00e4\u00dfig viele kleine Ausgaben an, etwa wenn Spiele f\u00fcr den Ganztag, Preise f\u00fcr Kultur- und Sportveranstaltungen oder Zusch\u00fcsse zu Schulveranstaltungen aller Art ben\u00f6tigt werden. Schlie\u00dflich ist die Unterst\u00fctzung sozial bed\u00fcrftiger Sch\u00fclerinnen und Sch\u00fcler, etwa bei Klassenfahrten, eine Selbstverst\u00e4ndlichkeit. Die hierf\u00fcr erforderlichen finanziellen Mittel erzielt der Verein durch Mitgliedsbeitr\u00e4ge und Spenden, aber auch durch die Organisation und<\/p>\n","protected":false},"author":2,"featured_media":0,"parent":0,"menu_order":0,"comment_status":"closed","ping_status":"closed","template":"","meta":{"footnotes":""},"class_list":["post-1645","page","type-page","status-publish","hentry","","tg-column-two"],"_links":{"self":[{"href":"https:\/\/wkge-en.de\/wkge\/wp-json\/wp\/v2\/pages\/1645","targetHints":{"allow":["GET"]}}],"collection":[{"href":"https:\/\/wkge-en.de\/wkge\/wp-json\/wp\/v2\/pages"}],"about":[{"href":"https:\/\/wkge-en.de\/wkge\/wp-json\/wp\/v2\/types\/page"}],"author":[{"embeddable":true,"href":"https:\/\/wkge-en.de\/wkge\/wp-json\/wp\/v2\/users\/2"}],"replies":[{"embeddable":true,"href":"https:\/\/wkge-en.de\/wkge\/wp-json\/wp\/v2\/comments?post=1645"}],"version-history":[{"count":10,"href":"https:\/\/wkge-en.de\/wkge\/wp-json\/wp\/v2\/pages\/1645\/revisions"}],"predecessor-version":[{"id":10735,"href":"https:\/\/wkge-en.de\/wkge\/wp-json\/wp\/v2\/pages\/1645\/revisions\/10735"}],"wp:attachment":[{"href":"https:\/\/wkge-en.de\/wkge\/wp-json\/wp\/v2\/media?parent=1645"}],"curies":[{"name":"wp","href":"https:\/\/api.w.org\/{rel}","templated":true}]}}